{"id":6118,"date":"2025-08-05T16:40:37","date_gmt":"2025-08-05T19:40:37","guid":{"rendered":"https:\/\/rearte.com.br\/museu\/?page_id=6118"},"modified":"2025-08-05T16:40:38","modified_gmt":"2025-08-05T19:40:38","slug":"expediente","status":"publish","type":"page","link":"https:\/\/rearte.com.br\/museu\/expediente\/","title":{"rendered":"Expediente"},"content":{"rendered":"\n<p><strong>E-mail:<\/strong> <a href=\"mailto:\/\/contato@rearte.com.br\" target=\"_blank\" rel=\"noreferrer noopener\">contato@rearte.com-br<\/a><br><strong>Whatsapp:<\/strong> <a href=\"https:\/\/wa.me\/5511982946468\" target=\"_blank\" rel=\"noreferrer noopener\">11 982946468<\/a><br><strong>ReArte &#8211; Resid\u00eancia Art\u00edstica <\/strong>(atendimento com agendamento pr\u00e9vio): Rua S\u00e3o Vicente de Paulo, 108 \u2013 Serra Negra \u2013 SP \u2013 CEP 13930-392<\/p>\n\n\n\n<h2 class=\"wp-block-heading\">Fabiana Vieira<\/h2>\n\n\n\n<p><img loading=\"lazy\" decoding=\"async\" width=\"588\" height=\"441\" src=\"https:\/\/lh7-rt.googleusercontent.com\/docsz\/AD_4nXd19MEc4bY5gYi0XjOh-ov5IBM_05LHsUX0Jj6e7Gtaz5uWZHYPHP03bYwI4pydgVDMCX7RCQJU2C3E6o1bmQOW_KgCCqRTzgr9rE-kXKeEkOFHgfL_tEJZEimDnC9ROXb-ULvSudQ2VanmhzhXyT-yGsqH?key=VIb0R8L9F4ESZA5AWxmjvw\"><\/p>\n\n\n\n<p><strong>Fabiana de Matos Vieira <\/strong>\u00e9 dirigente e <strong>produtora audiovisual <\/strong>na empresa Sociedade Das Artes (registrada na Ag\u00eancia Nacional de Cinema &#8211;&nbsp; ANCINE: 49361), <strong>agente cultural <\/strong>(N\u00ba SNIIC: AG-32179) e p<strong>rodutora&nbsp;&nbsp;<\/strong><\/p>\n\n\n\n<p><strong>cultural <\/strong>(SNIIC: SP-21915) no Ponto de Cultura Sociedade Das Artes. <strong>Artista t\u00eaxtil e mestre artes\u00e3 <\/strong>com \u00eanfase em trabalhos com&nbsp; macram\u00ea como arte aplicada (desenho industrial, desenho gr\u00e1fico, design de moda, design de interiores e arte decorativa).&nbsp;<\/p>\n\n\n\n<p><strong>Produtora e co-apresentadora dos document\u00e1rios <\/strong>em&nbsp; v\u00eddeo sobre os congressos nacionais do Sindicato dos Terapeutas e do Conselho de Auto-Regulamenta\u00e7\u00e3o da Terapia Hol\u00edstica.&nbsp;<\/p>\n\n\n\n<p><strong>Produtora e diretora de v\u00eddeos<\/strong>, criadora de conte\u00fado e imagens de in\u00fameras redes sociais e sites de internet.&nbsp;<\/p>\n\n\n\n<p><strong>Organizadora de eventos <\/strong>art\u00edsticos de Henrique Vieira Filho&nbsp; e da <strong>Sociedade Das Artes<\/strong>, produzindo e documentando imagens de mais de 80 exposi\u00e7\u00f5es nas principais cidades do mundo.&nbsp;<strong>Editora, colunista e parecerista <\/strong>dos peri\u00f3dicos <strong>Revista Artivismo <\/strong>e da <strong>Revista TH<\/strong>, escritora\/autora de livros t\u00e9cnicos sobre&nbsp; terapia, al\u00e9m de pesquisadora, com in\u00fameros artigos publicados em&nbsp; peri\u00f3dicos acad\u00eamicos.<\/p>\n\n\n\n<hr class=\"wp-block-separator has-alpha-channel-opacity\"\/>\n\n\n\n<h2 class=\"wp-block-heading has-text-align-center\"><strong>Henrique Vieira Filho<\/strong><\/h2>\n\n\n\n<p><strong><\/strong><a href=\"https:\/\/docs.google.com\/document\/d\/10Bmn08qFA-3boAM6o8AsgVh0jJgyYr9TEMW67j69_QU\/export?format=doc\" target=\"_blank\" rel=\"noopener\"><strong>Clique para download desta biografia<\/strong><strong><br><\/strong><\/a><\/p>\n\n\n\n<figure class=\"wp-block-table\"><table class=\"has-fixed-layout\"><tbody><tr><td><img loading=\"lazy\" decoding=\"async\" src=\"https:\/\/lh7-rt.googleusercontent.com\/docsz\/AD_4nXdYIGziCgVKwVl6YFmAwNpHqJ7X1VJb0-IdabC2GQydXclPSjGBC1aatH1_9M5JH8gGy4kuIS7l6NgA_lrgcqXu5xk5gz08rU6vb0rtq_sfq1Hwg98pcaNPx6XLDqj-GVf1sbGmzobt2yWAE4Je2b70Uvk?key=lyUpD5kGQvmo6CAVp4mfUg\" width=\"232\" height=\"169\"><\/td><td><img decoding=\"async\" src=\"https:\/\/lh7-rt.googleusercontent.com\/docsz\/AD_4nXfbymaDAfXcJ7pZBHVh8w-hmwPA124Htx_JBf5usoHLWDB1IGxiP41_8d0yium1s03Mkh_hjvRwjBsJddaOuZFWfhL6NZ2vd9vruF5oqukf6oId_NYhRoaE1g6fCKU5sVtDK49u4at-lFbBzlBx5a71pqVX?key=lyUpD5kGQvmo6CAVp4mfUg\" width=\"186\" height=\"191.74537754647662\"><\/td><td><img loading=\"lazy\" decoding=\"async\" src=\"https:\/\/lh7-rt.googleusercontent.com\/docsz\/AD_4nXcZ9ZfkI33baZa-YsmPALEOUqF4sD_L1irZmK9Erzo4Qw_CpUJy5Pt6qge5I5Z0B33lFs2QXXWmav1HSbb5_CvWV99t1UTN2T-5Z62By3wOhyINfQay8KvrYsbo2nNxFgEf-jHbzC-kHRRbpsy1GwSK90dQ?key=lyUpD5kGQvmo6CAVp4mfUg\" width=\"208\" height=\"157\"><\/td><\/tr><\/tbody><\/table><\/figure>\n\n\n\n<p><strong>Henrique Vieira Filho<\/strong> \u00e9 documentarista, artista pl\u00e1stico, agente cultural (<a href=\"https:\/\/mapa.cultura.gov.br\/agente\/207516\/#info\" target=\"_blank\" rel=\"noopener\">SNIIC: AG-207516<\/a>), produtor cultural nos Pontos de Cultura \u201cSociedade Das Artes\u201d (<a href=\"https:\/\/mapa.cultura.gov.br\/espaco\/21915\/\" target=\"_blank\" rel=\"noopener\">SNIIC: SP-21915<\/a>) e ReArte &#8211; Resid\u00eancia Art\u00edstica do Circuito das \u00c1guas Paulista (<a href=\"https:\/\/mapa.cultura.gov.br\/espaco\/101065\/\" target=\"_blank\" rel=\"noopener\">SNIIC: 101065<\/a>), diretor de arte (MTE 0058368\/SP), produtor audiovisual (ANCINE: 49361), escritor, jornalista (MTE 080467\/SP), educador f\u00edsico (CREF 040237-P\/SP), psicanalista, soci\u00f3logo (MTE 0002467\/SP), historiador, muse\u00f3logo, professor de artes visuais, p\u00f3s-graduado em psican\u00e1lise e em per\u00edcia t\u00e9cnica sobre artes.<\/p>\n\n\n\n<p><a href=\"http:\/\/lattes.cnpq.br\/2146716426132854\" target=\"_blank\" rel=\"noopener\"><strong>http:\/\/lattes.cnpq.br\/2146716426132854<\/strong><\/a><\/p>\n\n\n\n<p><a href=\"https:\/\/orcid.org\/0000-0002-6719-2559\" target=\"_blank\" rel=\"noopener\">https:\/\/orcid.org\/0000-0002-6719-2559<\/a><\/p>\n\n\n\n<p><a href=\"https:\/\/henriquevieirafilho.com.br\" target=\"_blank\" rel=\"noopener\">https:\/\/henriquevieirafilho.com.br<\/a><\/p>\n\n\n\n<p>Contando com mais de 100 exposi\u00e7\u00f5es entre individuais e coletivas, em galerias, polos culturais e museus em diversos pa\u00edses, suas obras est\u00e3o dispon\u00edveis tanto em galerias consagradas, como a <a href=\"https:\/\/www.saatchiart.com\/account\/artworks\/1103467\" target=\"_blank\" rel=\"noopener\"><strong>Saatchi Art<\/strong><\/a>, quanto em sua galeria pr\u00f3pria, a <a href=\"https:\/\/sociedadedasartes.com.br\" target=\"_blank\" rel=\"noopener\"><strong>Sociedade Das Artes<\/strong><\/a>, at\u00e9 os mais singelos espa\u00e7os alternativos.<\/p>\n\n\n\n<p>Atualmente radicado no <strong>interior de SP<\/strong>, dedica-se, em especial, ao <strong>Slow Art Movement<\/strong>, que prega a aprecia\u00e7\u00e3o afetiva, \u201csem pressa\u201d das artes, para todas as camadas da sociedade e \u00e0<strong> ReArte &#8211; Resid\u00eancia Art\u00edstica<\/strong>, em que abre espa\u00e7o a novos talentos art\u00edsticos e \u00e0 integra\u00e7\u00e3o das mais diversas formas de artes, por meio de mixagem e releituras.<\/p>\n\n\n\n<p>Editor, autor, pesquisador e parecerista nos peri\u00f3dicos <a href=\"https:\/\/artivismo.com.br\/periodico\/index.php\/revista\/index\" target=\"_blank\" rel=\"noopener\"><strong>Artivismo<\/strong><\/a> (ISSN 2763-6062), <a href=\"https:\/\/revistaterapiaholistica.com.br\/edicoes\/\" target=\"_blank\" rel=\"noopener\"><strong>Revista TH<\/strong><\/a> (ISSN 2763-5570) e<strong> <\/strong><a href=\"https:\/\/terapiaholistica.com.br\/congresso\/\" target=\"_blank\" rel=\"noopener\"><strong>Hol\u00edstica<\/strong><\/a> (ISSN 2763-7743), <strong>conta com centenas de artigos publicados e vinte livros, al\u00e9m de colabora\u00e7\u00f5es, entrevistas e consultorias<\/strong> para Jornal da Tarde, O Estado de S\u00e3o Paulo, Di\u00e1rio Popular, Jornal O Serrano, Revista Elle, Revista Claudia, Revista M\u00e1xima, Revista Veja, Revista Planeta, Revista Capricho, Revista Contigo, Revista Sa\u00fade, Revista Boa Forma, R\u00e1dio Globo, R\u00e1dio Gazeta, R\u00e1dio Eldorado, R\u00e1dio Nova, TV Globo (Jornal Nacional, Bom Dia Brasil, Fant\u00e1stico, etc.), TV Gazeta (Telejornal, Mulheres, Manh\u00e3 na Paulista), TV Record, SBT (Telejornal, J\u00f4 Soares Onze e Meia, etc.), TV Jovem Pan (Telejornal, Opini\u00e3o Livre, etc.), TV Cultura, TV Bandeirantes, Rede Mulher, TV Rio.<br>Nas <strong>Artes<\/strong>, \u00e9 autodidata e seu estilo poderia ser classificado como surrealismo figurativo. Sua experi\u00eancia de d\u00e9cadas como terapeuta, em especial, com a <strong>Psican\u00e1lise \/ Psicoterapia Junguiana<\/strong>, lhe possibilita uma familiaridade \u00edmpar com a mitologia e as imagens on\u00edricas, sempre presentes em suas pinturas e fotografias.<\/p>\n","protected":false},"excerpt":{"rendered":"<p>E-mail: contato@rearte.com-brWhatsapp: 11 982946468ReArte &#8211; Resid\u00eancia Art\u00edstica (atendimento com agendamento pr\u00e9vio): Rua S\u00e3o Vicente de Paulo, 108 \u2013 Serra Negra \u2013 SP \u2013 CEP 13930-392 Fabiana Vieira Fabiana de Matos Vieira \u00e9 dirigente e produtora audiovisual na empresa Sociedade Das Artes (registrada na Ag\u00eancia Nacional de Cinema &#8211;&nbsp; ANCINE: 49361), agente cultural (N\u00ba SNIIC: AG-32179) [&hellip;]<\/p>\n","protected":false},"author":1,"featured_media":6110,"parent":0,"menu_order":0,"comment_status":"closed","ping_status":"closed","template":"","meta":{"_sitemap_exclude":false,"_sitemap_priority":"","_sitemap_frequency":"","_daextrevo_audio_file_creation_date":"","_daextrevo_text_to_speech":"","_daextrevo_document_type":"","footnotes":""},"tnc_tax_6799":[],"tnc_tax_6188":[],"class_list":["post-6118","page","type-page","status-publish","has-post-thumbnail","hentry"],"_links":{"self":[{"href":"https:\/\/rearte.com.br\/museu\/wp-json\/wp\/v2\/pages\/6118","targetHints":{"allow":["GET"]}}],"collection":[{"href":"https:\/\/rearte.com.br\/museu\/wp-json\/wp\/v2\/pages"}],"about":[{"href":"https:\/\/rearte.com.br\/museu\/wp-json\/wp\/v2\/types\/page"}],"author":[{"embeddable":true,"href":"https:\/\/rearte.com.br\/museu\/wp-json\/wp\/v2\/users\/1"}],"replies":[{"embeddable":true,"href":"https:\/\/rearte.com.br\/museu\/wp-json\/wp\/v2\/comments?post=6118"}],"version-history":[{"count":2,"href":"https:\/\/rearte.com.br\/museu\/wp-json\/wp\/v2\/pages\/6118\/revisions"}],"predecessor-version":[{"id":6764,"href":"https:\/\/rearte.com.br\/museu\/wp-json\/wp\/v2\/pages\/6118\/revisions\/6764"}],"wp:featuredmedia":[{"embeddable":true,"href":"https:\/\/rearte.com.br\/museu\/wp-json\/wp\/v2\/media\/6110"}],"wp:attachment":[{"href":"https:\/\/rearte.com.br\/museu\/wp-json\/wp\/v2\/media?parent=6118"}],"wp:term":[{"taxonomy":"tnc_tax_6799","embeddable":true,"href":"https:\/\/rearte.com.br\/museu\/wp-json\/wp\/v2\/tnc_tax_6799?post=6118"},{"taxonomy":"tnc_tax_6188","embeddable":true,"href":"https:\/\/rearte.com.br\/museu\/wp-json\/wp\/v2\/tnc_tax_6188?post=6118"}],"curies":[{"name":"wp","href":"https:\/\/api.w.org\/{rel}","templated":true}]}}